{"id":7549,"date":"2024-05-20T08:52:58","date_gmt":"2024-05-20T08:52:58","guid":{"rendered":"https:\/\/nodumcorporate.com\/residencia-en-andorra\/preguntas-frecuentes\/"},"modified":"2024-08-31T08:34:46","modified_gmt":"2024-08-31T08:34:46","slug":"preguntas-frecuentes","status":"publish","type":"page","link":"https:\/\/nodumcorporate.com\/es\/fidencis\/residencia-en-andorra\/preguntas-frecuentes\/","title":{"rendered":"FAQ"},"content":{"rendered":"\t\t<div data-elementor-type=\"wp-page\" data-elementor-id=\"7549\" class=\"elementor elementor-7549 elementor-6995\" data-elementor-post-type=\"page\">\n\t\t\t\t<div class=\"elementor-element elementor-element-bdfdaac e-con-full c-box container-bg e-flex e-con e-parent\" data-id=\"bdfdaac\" data-element_type=\"container\" data-e-type=\"container\" id=\"top\" data-settings=\"{&quot;background_background&quot;:&quot;classic&quot;,&quot;jet_parallax_layout_list&quot;:[]}\">\n\t\t<div class=\"elementor-element elementor-element-73f37b0 e-con-full bg-left e-flex e-con e-child\" data-id=\"73f37b0\" data-element_type=\"container\" data-e-type=\"container\" data-settings=\"{&quot;jet_parallax_layout_list&quot;:[]}\">\n\t\t\t\t<div class=\"elementor-element elementor-element-903712b elementor-widget elementor-widget-image\" data-id=\"903712b\" data-element_type=\"widget\" data-e-type=\"widget\" data-widget_type=\"image.default\">\n\t\t\t\t<div class=\"elementor-widget-container\">\n\t\t\t\t\t\t\t\t\t\t\t\t\t\t\t\t<a href=\"https:\/\/nodumcorporate.com\/fr\/fidencis\/\">\n\t\t\t\t\t\t\t<img decoding=\"async\" width=\"185\" height=\"47\" src=\"https:\/\/nodumcorporate.com\/wp-content\/uploads\/2024\/04\/logo_fidencis_blanco.svg\" class=\"attachment-full size-full wp-image-5268\" alt=\"\" \/>\t\t\t\t\t\t\t\t<\/a>\n\t\t\t\t\t\t\t\t\t\t\t\t\t\t\t<\/div>\n\t\t\t\t<\/div>\n\t\t\t\t<div class=\"elementor-element elementor-element-8aa8d38 elementor-widget elementor-widget-html\" data-id=\"8aa8d38\" data-element_type=\"widget\" data-e-type=\"widget\" data-widget_type=\"html.default\">\n\t\t\t\t<div class=\"elementor-widget-container\">\n\t\t\t\t\t<script src=\"https:\/\/code.jquery.com\/jquery-3.6.0.min.js\"><\/script><script>\/\/You can replace offset value from here\nvar offset = 300\n$(window).on('load scroll', function(){\n    \n    if( $(window).scrollTop() > offset ){\n        $('body').addClass('show')\n    }else{\n        $('body').removeClass('show')\n    }\n})\n<\/script>\t\t\t\t<\/div>\n\t\t\t\t<\/div>\n\t\t\t\t<\/div>\n\t\t<div class=\"elementor-element elementor-element-7560752 e-con-full bg-right e-flex e-con e-child\" data-id=\"7560752\" data-element_type=\"container\" data-e-type=\"container\" data-settings=\"{&quot;background_background&quot;:&quot;classic&quot;,&quot;jet_parallax_layout_list&quot;:[]}\">\n\t\t<div class=\"elementor-element elementor-element-41b0db4 e-con-full e-flex e-con e-child\" data-id=\"41b0db4\" data-element_type=\"container\" data-e-type=\"container\" data-settings=\"{&quot;jet_parallax_layout_list&quot;:[]}\">\n\t\t\t\t<div class=\"elementor-element elementor-element-c0d04e0 elementor-widget elementor-widget-breadcrumbs\" data-id=\"c0d04e0\" data-element_type=\"widget\" data-e-type=\"widget\" data-widget_type=\"breadcrumbs.default\">\n\t\t\t\t<div class=\"elementor-widget-container\">\n\t\t\t\t\t<p id=\"breadcrumbs\"><\/p>\t\t\t\t<\/div>\n\t\t\t\t<\/div>\n\t\t\t\t<\/div>\n\t\t\t\t<\/div>\n\t\t\t\t<\/div>\n\t\t<div class=\"elementor-element elementor-element-2a5e12d c-box e-flex e-con-boxed e-con e-parent\" data-id=\"2a5e12d\" data-element_type=\"container\" data-e-type=\"container\" data-settings=\"{&quot;jet_parallax_layout_list&quot;:[]}\">\n\t\t\t\t\t<div class=\"e-con-inner\">\n\t\t\t\t<div class=\"elementor-element elementor-element-bef8726 elementor-widget__width-initial elementor-widget-mobile__width-inherit elementor-widget elementor-widget-heading\" data-id=\"bef8726\" data-element_type=\"widget\" data-e-type=\"widget\" data-widget_type=\"heading.default\">\n\t\t\t\t<div class=\"elementor-widget-container\">\n\t\t\t\t\t<h2 class=\"elementor-heading-title elementor-size-default\">Expatriaci\u00f3n en Andorra Preguntas m\u00e1s frecuentes<\/h2>\t\t\t\t<\/div>\n\t\t\t\t<\/div>\n\t\t<div class=\"elementor-element elementor-element-8ed29c3 e-con-full e-flex e-con e-child\" data-id=\"8ed29c3\" data-element_type=\"container\" data-e-type=\"container\" data-settings=\"{&quot;jet_parallax_layout_list&quot;:[]}\">\n\t\t\t\t<div class=\"elementor-element elementor-element-37c62e0 elementor-widget__width-initial elementor-widget-tablet__width-inherit elementor-widget elementor-widget-jet-accordion\" data-id=\"37c62e0\" data-element_type=\"widget\" data-e-type=\"widget\" data-widget_type=\"jet-accordion.default\">\n\t\t\t\t<div class=\"elementor-widget-container\">\n\t\t\t\t\t\t\t<div class=\"jet-accordion\" data-settings=\"{&quot;collapsible&quot;:false,&quot;ajaxTemplate&quot;:false,&quot;switchScrolling&quot;:false,&quot;switchScrollingOffset&quot;:0,&quot;switchScrollingDelay&quot;:500}\">\n\t\t\t<div class=\"jet-accordion__inner\">\n\t\t\t\t<div class=\" jet-accordion__item jet-toggle jet-toggle-move-up-effect \">\n\t\t\t\t\t\t\t<div id=\"jet-toggle-control-5841\" class=\"jet-toggle__control elementor-menu-anchor\" data-toggle=\"1\" role=\"button\" tabindex=\"0\" aria-controls=\"jet-toggle-content-5841\" aria-expanded=\"false\" data-template-id=\"false\">\n\t\t\t\t\t\t\t\t<div class=\"jet-toggle__label-icon jet-toggle-icon-position-right\"><span class=\"jet-toggle__icon icon-normal jet-tabs-icon\"><svg xmlns=\"http:\/\/www.w3.org\/2000\/svg\" width=\"51\" height=\"51\" viewBox=\"0 0 51 51\" fill=\"none\"><path d=\"M25.5 1C11.969 1 0.999998 11.969 0.999997 25.5C0.999997 39.031 11.969 50 25.5 50C39.031 50 50 39.031 50 25.5C50 11.969 39.031 1 25.5 1Z\" stroke=\"#FE6F61\" stroke-width=\"2\"><\/path><path d=\"M35 19L25.5 37L16 19\" stroke=\"#FE6F61\" stroke-width=\"2\"><\/path><\/svg><\/span><span class=\"jet-toggle__icon icon-active jet-tabs-icon\"><svg xmlns=\"http:\/\/www.w3.org\/2000\/svg\" width=\"51\" height=\"51\" viewBox=\"0 0 51 51\" fill=\"none\"><path d=\"M50 25.5C50 11.969 39.031 0.999998 25.5 0.999997C11.969 0.999997 1 11.969 1 25.5C1 39.031 11.969 50 25.5 50C39.031 50 50 39.031 50 25.5Z\" stroke=\"#FE6F61\" stroke-width=\"2\"><\/path><path d=\"M32 35L14 25.5L32 16\" stroke=\"#FE6F61\" stroke-width=\"2\"><\/path><\/svg><\/span><\/div><div class=\"jet-toggle__label-text\">\u00bfHolding en Andorra?<\/div>\t\t\t\t\t\t\t<\/div>\n\t\t\t\t\t\t\t<div id=\"jet-toggle-content-5841\" class=\"jet-toggle__content\" data-toggle=\"1\" role=\"region\" data-template-id=\"false\">\n\t\t\t\t\t\t\t\t<div class=\"jet-toggle__content-inner\"><p><b>En Andorra, los holdings pueden constituirse en forma de sociedad an\u00f3nima o de sociedad de responsabilidad limitada.<\/b><\/p>\n<p>Se requerir\u00e1 un capital m\u00ednimo de <b>60.000\u20ac para la creaci\u00f3n de una sociedad an\u00f3nima en Andorra<\/b>, que deber\u00e1 dividirse en acciones numeradas e inscribirse en el registro mercantil. <b>Para las sociedades de responsabilidad limitada, el capital m\u00ednimo ser\u00e1 de 3.000\u20ac<\/b>, dividido en acciones no negociables.<\/p>\n<p>Los holdings en Andorra ofrecen muchas ventajas, especialmente en t\u00e9rminos de optimizaci\u00f3n de gastos. Las empresas que componen el grupo empresarial pueden gestionar mejor sus gastos gracias a la <b>coordinaci\u00f3n de las actividades del holding<\/b>. Adem\u00e1s, la contabilidad es m\u00e1s eficaz y la participaci\u00f3n de la empresa en el mercado se optimiza. Las empresas integradas en el holding tambi\u00e9n se benefician de una mayor estabilidad en sus actividades al <b>reducir el riesgo econ\u00f3mico<\/b>, al tiempo que garantizan la compensaci\u00f3n a los accionistas en caso de p\u00e9rdidas econ\u00f3micas.<\/p>\n<\/div>\n\t\t\t\t\t\t\t<\/div>\n\t\t\t\t\t\t<\/div><div class=\" jet-accordion__item jet-toggle jet-toggle-move-up-effect \">\n\t\t\t\t\t\t\t<div id=\"jet-toggle-control-5842\" class=\"jet-toggle__control elementor-menu-anchor\" data-toggle=\"2\" role=\"button\" tabindex=\"0\" aria-controls=\"jet-toggle-content-5842\" aria-expanded=\"false\" data-template-id=\"false\">\n\t\t\t\t\t\t\t\t<div class=\"jet-toggle__label-icon jet-toggle-icon-position-right\"><span class=\"jet-toggle__icon icon-normal jet-tabs-icon\"><svg xmlns=\"http:\/\/www.w3.org\/2000\/svg\" width=\"51\" height=\"51\" viewBox=\"0 0 51 51\" fill=\"none\"><path d=\"M25.5 1C11.969 1 0.999998 11.969 0.999997 25.5C0.999997 39.031 11.969 50 25.5 50C39.031 50 50 39.031 50 25.5C50 11.969 39.031 1 25.5 1Z\" stroke=\"#FE6F61\" stroke-width=\"2\"><\/path><path d=\"M35 19L25.5 37L16 19\" stroke=\"#FE6F61\" stroke-width=\"2\"><\/path><\/svg><\/span><span class=\"jet-toggle__icon icon-active jet-tabs-icon\"><svg xmlns=\"http:\/\/www.w3.org\/2000\/svg\" width=\"51\" height=\"51\" viewBox=\"0 0 51 51\" fill=\"none\"><path d=\"M50 25.5C50 11.969 39.031 0.999998 25.5 0.999997C11.969 0.999997 1 11.969 1 25.5C1 39.031 11.969 50 25.5 50C39.031 50 50 39.031 50 25.5Z\" stroke=\"#FE6F61\" stroke-width=\"2\"><\/path><path d=\"M32 35L14 25.5L32 16\" stroke=\"#FE6F61\" stroke-width=\"2\"><\/path><\/svg><\/span><\/div><div class=\"jet-toggle__label-text\">\u00bfAlojamiento en Andorra?<\/div>\t\t\t\t\t\t\t<\/div>\n\t\t\t\t\t\t\t<div id=\"jet-toggle-content-5842\" class=\"jet-toggle__content\" data-toggle=\"2\" role=\"region\" data-template-id=\"false\">\n\t\t\t\t\t\t\t\t<div class=\"jet-toggle__content-inner\"><p>Cuando decidas instalarte en una de las siete parroquias de Andorra, la cuesti\u00f3n del alojamiento es primordial.<\/p>\n<p>La primera opci\u00f3n es comprar una propiedad con un permiso de residencia y un permiso de inversi\u00f3n extranjera expedidos por el ministerio competente. <strong>Los no residentes tambi\u00e9n pueden comprar propiedades legalmente, previa obtenci\u00f3n de una Autorizaci\u00f3n de Inversi\u00f3n Extranjera.<\/strong><\/p>\n<p>Para alquilar una propiedad, <b>es obligatorio abrir una cuenta bancaria<\/b>, y la duraci\u00f3n m\u00ednima del contrato de arrendamiento est\u00e1 regulada en 5 a\u00f1os. El contrato puede rescindirse dentro de este plazo y cambiar de domiclio con un <b>preaviso de solo 3 meses.<\/b> Los precios de alquiler fluct\u00faan mucho en funci\u00f3n del tipo de propiedad, su ubicaci\u00f3n y superficie, as\u00ed como de la \u00e9poca del a\u00f1o. La mejor \u00e9poca para buscar vivienda es a partir de mayo.<\/p>\n<\/div>\n\t\t\t\t\t\t\t<\/div>\n\t\t\t\t\t\t<\/div><div class=\" jet-accordion__item jet-toggle jet-toggle-move-up-effect \">\n\t\t\t\t\t\t\t<div id=\"jet-toggle-control-5843\" class=\"jet-toggle__control elementor-menu-anchor\" data-toggle=\"3\" role=\"button\" tabindex=\"0\" aria-controls=\"jet-toggle-content-5843\" aria-expanded=\"false\" data-template-id=\"false\">\n\t\t\t\t\t\t\t\t<div class=\"jet-toggle__label-icon jet-toggle-icon-position-right\"><span class=\"jet-toggle__icon icon-normal jet-tabs-icon\"><svg xmlns=\"http:\/\/www.w3.org\/2000\/svg\" width=\"51\" height=\"51\" viewBox=\"0 0 51 51\" fill=\"none\"><path d=\"M25.5 1C11.969 1 0.999998 11.969 0.999997 25.5C0.999997 39.031 11.969 50 25.5 50C39.031 50 50 39.031 50 25.5C50 11.969 39.031 1 25.5 1Z\" stroke=\"#FE6F61\" stroke-width=\"2\"><\/path><path d=\"M35 19L25.5 37L16 19\" stroke=\"#FE6F61\" stroke-width=\"2\"><\/path><\/svg><\/span><span class=\"jet-toggle__icon icon-active jet-tabs-icon\"><svg xmlns=\"http:\/\/www.w3.org\/2000\/svg\" width=\"51\" height=\"51\" viewBox=\"0 0 51 51\" fill=\"none\"><path d=\"M50 25.5C50 11.969 39.031 0.999998 25.5 0.999997C11.969 0.999997 1 11.969 1 25.5C1 39.031 11.969 50 25.5 50C39.031 50 50 39.031 50 25.5Z\" stroke=\"#FE6F61\" stroke-width=\"2\"><\/path><path d=\"M32 35L14 25.5L32 16\" stroke=\"#FE6F61\" stroke-width=\"2\"><\/path><\/svg><\/span><\/div><div class=\"jet-toggle__label-text\">\u00bfBancos en Andorra?<\/div>\t\t\t\t\t\t\t<\/div>\n\t\t\t\t\t\t\t<div id=\"jet-toggle-content-5843\" class=\"jet-toggle__content\" data-toggle=\"3\" role=\"region\" data-template-id=\"false\">\n\t\t\t\t\t\t\t\t<div class=\"jet-toggle__content-inner\"><p><b>Fidencis pertenece al grupo NODUM CORPORATE, del que forma parte KUDO INVEST, sociedad de asesoramiento financiero autorizada, regulada y supervisada por la Autoridad Financiera Andorrana (AFA, con n\u00famero de registro ASF- 01\/17), lo que garantiza la plena legitimidad jur\u00eddica para asistirte en la apertura de cuentas bancarias y en la gesti\u00f3n de tu patrimonio financiero.<\/b><\/p>\n<p>Andorra se ha convertido en un centro financiero seguro y solvente gracias al <b>intercambio autom\u00e1tico de datos CRS y al estricto cumplimiento de las normas bancarias contra el blanqueo de dinero.<\/b><\/p>\n<p>Actualmente hay 3 bancos en Andorra, <strong>Andbank, Morabanc y Creand<\/strong>, todos solventes y clasificados entre los m\u00e1s s\u00f3lidos de Europa. Los bancos andorranos no tienen acceso a los fondos del Banco Central Europeo, lo que hace que su <b>estrategia de financiaci\u00f3n sea m\u00e1s conservadora y garantice una mayor estabilidad.<\/b> Particulares, empresas, residentes y no residentes pueden abrir una cuenta en Andorra, pero deben cumplir la normativa bancaria en materia de lucha contra el blanqueo de capitales, <b>el protocolo FATCA y facilitar el origen de los fondos.<\/b><\/p>\n<\/div>\n\t\t\t\t\t\t\t<\/div>\n\t\t\t\t\t\t<\/div><div class=\" jet-accordion__item jet-toggle jet-toggle-move-up-effect \">\n\t\t\t\t\t\t\t<div id=\"jet-toggle-control-5844\" class=\"jet-toggle__control elementor-menu-anchor\" data-toggle=\"4\" role=\"button\" tabindex=\"0\" aria-controls=\"jet-toggle-content-5844\" aria-expanded=\"false\" data-template-id=\"false\">\n\t\t\t\t\t\t\t\t<div class=\"jet-toggle__label-icon jet-toggle-icon-position-right\"><span class=\"jet-toggle__icon icon-normal jet-tabs-icon\"><svg xmlns=\"http:\/\/www.w3.org\/2000\/svg\" width=\"51\" height=\"51\" viewBox=\"0 0 51 51\" fill=\"none\"><path d=\"M25.5 1C11.969 1 0.999998 11.969 0.999997 25.5C0.999997 39.031 11.969 50 25.5 50C39.031 50 50 39.031 50 25.5C50 11.969 39.031 1 25.5 1Z\" stroke=\"#FE6F61\" stroke-width=\"2\"><\/path><path d=\"M35 19L25.5 37L16 19\" stroke=\"#FE6F61\" stroke-width=\"2\"><\/path><\/svg><\/span><span class=\"jet-toggle__icon icon-active jet-tabs-icon\"><svg xmlns=\"http:\/\/www.w3.org\/2000\/svg\" width=\"51\" height=\"51\" viewBox=\"0 0 51 51\" fill=\"none\"><path d=\"M50 25.5C50 11.969 39.031 0.999998 25.5 0.999997C11.969 0.999997 1 11.969 1 25.5C1 39.031 11.969 50 25.5 50C39.031 50 50 39.031 50 25.5Z\" stroke=\"#FE6F61\" stroke-width=\"2\"><\/path><path d=\"M32 35L14 25.5L32 16\" stroke=\"#FE6F61\" stroke-width=\"2\"><\/path><\/svg><\/span><\/div><div class=\"jet-toggle__label-text\">\u00bfAndorra es un pa\u00eds?<\/div>\t\t\t\t\t\t\t<\/div>\n\t\t\t\t\t\t\t<div id=\"jet-toggle-content-5844\" class=\"jet-toggle__content\" data-toggle=\"4\" role=\"region\" data-template-id=\"false\">\n\t\t\t\t\t\t\t\t<div class=\"jet-toggle__content-inner\"><p><b>S\u00ed, Andorra es un principado soberano <\/b> situado en los Pirineos, entre Espa\u00f1a y Francia, que forma una jurisdicci\u00f3n legal y democr\u00e1tica basada en la <b>constituci\u00f3n m\u00e1s antigua del mundo.<\/b><\/p>\n<p><i class=\"fas fa-check\"><\/i> Andorra funciona como un pa\u00eds independiente, <b>con su propio gobierno<\/b> y leyes. El pa\u00eds est\u00e1 gobernado por dos copr\u00edncipes: el obispo de Urgell, en Catalu\u00f1a (Espa\u00f1a), y el presidente de la Rep\u00fablica Francesa.<br \/><i class=\"fas fa-check\"><\/i> Andorra <b>no forma parte de la Uni\u00f3n Europea<\/b>, lo que la desvincula de la Comisi\u00f3n de Bruselas, pero es miembro activo de las Naciones Unidas y del Consejo de Europa.<\/p>\n<\/div>\n\t\t\t\t\t\t\t<\/div>\n\t\t\t\t\t\t<\/div><div class=\" jet-accordion__item jet-toggle jet-toggle-move-up-effect \">\n\t\t\t\t\t\t\t<div id=\"jet-toggle-control-5845\" class=\"jet-toggle__control elementor-menu-anchor\" data-toggle=\"5\" role=\"button\" tabindex=\"0\" aria-controls=\"jet-toggle-content-5845\" aria-expanded=\"false\" data-template-id=\"false\">\n\t\t\t\t\t\t\t\t<div class=\"jet-toggle__label-icon jet-toggle-icon-position-right\"><span class=\"jet-toggle__icon icon-normal jet-tabs-icon\"><svg xmlns=\"http:\/\/www.w3.org\/2000\/svg\" width=\"51\" height=\"51\" viewBox=\"0 0 51 51\" fill=\"none\"><path d=\"M25.5 1C11.969 1 0.999998 11.969 0.999997 25.5C0.999997 39.031 11.969 50 25.5 50C39.031 50 50 39.031 50 25.5C50 11.969 39.031 1 25.5 1Z\" stroke=\"#FE6F61\" stroke-width=\"2\"><\/path><path d=\"M35 19L25.5 37L16 19\" stroke=\"#FE6F61\" stroke-width=\"2\"><\/path><\/svg><\/span><span class=\"jet-toggle__icon icon-active jet-tabs-icon\"><svg xmlns=\"http:\/\/www.w3.org\/2000\/svg\" width=\"51\" height=\"51\" viewBox=\"0 0 51 51\" fill=\"none\"><path d=\"M50 25.5C50 11.969 39.031 0.999998 25.5 0.999997C11.969 0.999997 1 11.969 1 25.5C1 39.031 11.969 50 25.5 50C39.031 50 50 39.031 50 25.5Z\" stroke=\"#FE6F61\" stroke-width=\"2\"><\/path><path d=\"M32 35L14 25.5L32 16\" stroke=\"#FE6F61\" stroke-width=\"2\"><\/path><\/svg><\/span><\/div><div class=\"jet-toggle__label-text\">\u00bfC\u00f3mo se gobierna Andorra?<\/div>\t\t\t\t\t\t\t<\/div>\n\t\t\t\t\t\t\t<div id=\"jet-toggle-content-5845\" class=\"jet-toggle__content\" data-toggle=\"5\" role=\"region\" data-template-id=\"false\">\n\t\t\t\t\t\t\t\t<div class=\"jet-toggle__content-inner\"><p><b>Andorra es un Estado independiente con su propia Constituci\u00f3n, la Carta Magna de 1993.<\/b> A diferencia de Espa\u00f1a, Andorra no tiene un rey como jefe de Estado. Las funciones de representaci\u00f3n en las relaciones exteriores del pa\u00eds las ejercen dos copr\u00edncipes: <b>el obispo de Urgell y el presidente de la Rep\u00fablica Francesa.<\/b><\/p>\n<p>Como di\u00f3cesis de la Iglesia cat\u00f3lica, Urgell est\u00e1 subordinada a la archidi\u00f3cesis de Tarragona. <b>La religi\u00f3n tiene una gran importancia en Andorra<\/b>, ya que el Principado est\u00e1 hist\u00f3ricamente vinculado a la religi\u00f3n cat\u00f3lica.<\/p>\n<p>El Gobierno de Andorra est\u00e1 dirigido por el <b>jefe de Gobierno, que propone las leyes al Parlamento (Consell General)<\/b>, lo que convierte el Principado en una jurisdicci\u00f3n jur\u00eddica y democr\u00e1tica independiente.<\/p>\n<\/div>\n\t\t\t\t\t\t\t<\/div>\n\t\t\t\t\t\t<\/div><div class=\" jet-accordion__item jet-toggle jet-toggle-move-up-effect \">\n\t\t\t\t\t\t\t<div id=\"jet-toggle-control-5846\" class=\"jet-toggle__control elementor-menu-anchor\" data-toggle=\"6\" role=\"button\" tabindex=\"0\" aria-controls=\"jet-toggle-content-5846\" aria-expanded=\"false\" data-template-id=\"false\">\n\t\t\t\t\t\t\t\t<div class=\"jet-toggle__label-icon jet-toggle-icon-position-right\"><span class=\"jet-toggle__icon icon-normal jet-tabs-icon\"><svg xmlns=\"http:\/\/www.w3.org\/2000\/svg\" width=\"51\" height=\"51\" viewBox=\"0 0 51 51\" fill=\"none\"><path d=\"M25.5 1C11.969 1 0.999998 11.969 0.999997 25.5C0.999997 39.031 11.969 50 25.5 50C39.031 50 50 39.031 50 25.5C50 11.969 39.031 1 25.5 1Z\" stroke=\"#FE6F61\" stroke-width=\"2\"><\/path><path d=\"M35 19L25.5 37L16 19\" stroke=\"#FE6F61\" stroke-width=\"2\"><\/path><\/svg><\/span><span class=\"jet-toggle__icon icon-active jet-tabs-icon\"><svg xmlns=\"http:\/\/www.w3.org\/2000\/svg\" width=\"51\" height=\"51\" viewBox=\"0 0 51 51\" fill=\"none\"><path d=\"M50 25.5C50 11.969 39.031 0.999998 25.5 0.999997C11.969 0.999997 1 11.969 1 25.5C1 39.031 11.969 50 25.5 50C39.031 50 50 39.031 50 25.5Z\" stroke=\"#FE6F61\" stroke-width=\"2\"><\/path><path d=\"M32 35L14 25.5L32 16\" stroke=\"#FE6F61\" stroke-width=\"2\"><\/path><\/svg><\/span><\/div><div class=\"jet-toggle__label-text\"> \u00bfEs gratuita la escuela en Andorra?<\/div>\t\t\t\t\t\t\t<\/div>\n\t\t\t\t\t\t\t<div id=\"jet-toggle-content-5846\" class=\"jet-toggle__content\" data-toggle=\"6\" role=\"region\" data-template-id=\"false\">\n\t\t\t\t\t\t\t\t<div class=\"jet-toggle__content-inner\"><p><b>S\u00ed, la ense\u00f1anza es gratuita hasta el bachillerato<\/b> y coexisten tres sistemas educativos: el andorrano, el espa\u00f1ol y el franc\u00e9s.<\/p>\n<p><i class=\"fas fa-check\"><\/i> En el Principado de Andorra, <b>todos los ni\u00f1os y adolescentes de entre 4 y 16 a\u00f1os van a la escuela<\/b>, con un sistema reconocido internacionalmente como de alto nivel.<br \/><i class=\"fas fa-check\"><\/i> Las escuelas las construye y gestiona el <b>Gobierno andorrano<\/b>, mientras que los profesores espa\u00f1oles y franceses son remunerados por sus respectivas administraciones.<br \/><i class=\"fas fa-check\"><\/i> <b>Apertura al mundo:<\/b> El catal\u00e1n, el espa\u00f1ol, el franc\u00e9s y el ingl\u00e9s son los idiomas que se ense\u00f1an.<\/p>\n<p><i class=\"fas fa-check\"><\/i> La ense\u00f1anza primaria y secundaria es <b>obligatoria para andorranos y expatriados<\/b>, y el curso escolar comienza el d\u00eda laborable siguiente al de la santa patrona de Andorra, Meritxell, el 8 de septiembre, y finaliza la \u00faltima semana de junio.<\/p>\n<\/div>\n\t\t\t\t\t\t\t<\/div>\n\t\t\t\t\t\t<\/div><div class=\" jet-accordion__item jet-toggle jet-toggle-move-up-effect \">\n\t\t\t\t\t\t\t<div id=\"jet-toggle-control-5847\" class=\"jet-toggle__control elementor-menu-anchor\" data-toggle=\"7\" role=\"button\" tabindex=\"0\" aria-controls=\"jet-toggle-content-5847\" aria-expanded=\"false\" data-template-id=\"false\">\n\t\t\t\t\t\t\t\t<div class=\"jet-toggle__label-icon jet-toggle-icon-position-right\"><span class=\"jet-toggle__icon icon-normal jet-tabs-icon\"><svg xmlns=\"http:\/\/www.w3.org\/2000\/svg\" width=\"51\" height=\"51\" viewBox=\"0 0 51 51\" fill=\"none\"><path d=\"M25.5 1C11.969 1 0.999998 11.969 0.999997 25.5C0.999997 39.031 11.969 50 25.5 50C39.031 50 50 39.031 50 25.5C50 11.969 39.031 1 25.5 1Z\" stroke=\"#FE6F61\" stroke-width=\"2\"><\/path><path d=\"M35 19L25.5 37L16 19\" stroke=\"#FE6F61\" stroke-width=\"2\"><\/path><\/svg><\/span><span class=\"jet-toggle__icon icon-active jet-tabs-icon\"><svg xmlns=\"http:\/\/www.w3.org\/2000\/svg\" width=\"51\" height=\"51\" viewBox=\"0 0 51 51\" fill=\"none\"><path d=\"M50 25.5C50 11.969 39.031 0.999998 25.5 0.999997C11.969 0.999997 1 11.969 1 25.5C1 39.031 11.969 50 25.5 50C39.031 50 50 39.031 50 25.5Z\" stroke=\"#FE6F61\" stroke-width=\"2\"><\/path><path d=\"M32 35L14 25.5L32 16\" stroke=\"#FE6F61\" stroke-width=\"2\"><\/path><\/svg><\/span><\/div><div class=\"jet-toggle__label-text\">\u00bfComprar un coche en Andorra?<\/div>\t\t\t\t\t\t\t<\/div>\n\t\t\t\t\t\t\t<div id=\"jet-toggle-content-5847\" class=\"jet-toggle__content\" data-toggle=\"7\" role=\"region\" data-template-id=\"false\">\n\t\t\t\t\t\t\t\t<div class=\"jet-toggle__content-inner\"><p><b>Comprar un coche en Andorra ofrece una serie de ventajas a los particulares<\/b>, como la matriculaci\u00f3n y homologaci\u00f3n en pocas semanas, un IVA reducido del 4,5 %, <b>ninguna penalizaci\u00f3n medioambiental, ning\u00fan impuesto regional<\/b> y ning\u00fan permiso de conducir por puntos.<\/p>\n<p>Los veh\u00edculos matriculados en Andorra <b>pueden circular por toda Europa<\/b>, y los coches deben cumplir la norma <b> Euro 6<\/b> para poder matricularse en el pa\u00eds.<\/p>\n<p>Esto significa que en Andorra es posible beneficiarse de <b> precios imbatibles<\/b> en marcas de prestigio como <b>Porsche, Audi, BMW, Mercedes y McLaren<\/b>, as\u00ed como de numerosos importadores de veh\u00edculos ex\u00f3ticos.<\/p>\n<p>Hay dos opciones para revender un veh\u00edculo: el vendedor puede encargarse \u00e9l mismo de todos los tr\u00e1mites o confiar la tarea a un agente, que cobrar\u00e1 una tarifa plana por <b>transferir el nuevo contrato de alquiler con opci\u00f3n de compra a nombre del comprador.<\/b><\/p>\n<p><b>El contrato de alquiler <\/b> con opci\u00f3n de compra en Andorra ofrece una gran flexibilidad, con un contrato de 60 meses, <b>kilometraje ilimitado<\/b> y la posibilidad de rescindirlo en cualquier momento sin penalizaci\u00f3n.<\/p>\n<\/div>\n\t\t\t\t\t\t\t<\/div>\n\t\t\t\t\t\t<\/div>\t\t\t<\/div>\n\t\t<\/div>\n\t\t\t\t\t\t<\/div>\n\t\t\t\t<\/div>\n\t\t\t\t<div class=\"elementor-element elementor-element-dafb6ac elementor-widget__width-initial elementor-widget-tablet__width-inherit elementor-widget elementor-widget-jet-accordion\" data-id=\"dafb6ac\" data-element_type=\"widget\" data-e-type=\"widget\" data-widget_type=\"jet-accordion.default\">\n\t\t\t\t<div class=\"elementor-widget-container\">\n\t\t\t\t\t\t\t<div class=\"jet-accordion\" data-settings=\"{&quot;collapsible&quot;:false,&quot;ajaxTemplate&quot;:false,&quot;switchScrolling&quot;:false,&quot;switchScrollingOffset&quot;:0,&quot;switchScrollingDelay&quot;:500}\">\n\t\t\t<div class=\"jet-accordion__inner\">\n\t\t\t\t<div class=\" jet-accordion__item jet-toggle jet-toggle-move-up-effect \">\n\t\t\t\t\t\t\t<div id=\"jet-toggle-control-2291\" class=\"jet-toggle__control elementor-menu-anchor\" data-toggle=\"1\" role=\"button\" tabindex=\"0\" aria-controls=\"jet-toggle-content-2291\" aria-expanded=\"false\" data-template-id=\"false\">\n\t\t\t\t\t\t\t\t<div class=\"jet-toggle__label-icon jet-toggle-icon-position-right\"><span class=\"jet-toggle__icon icon-normal jet-tabs-icon\"><svg xmlns=\"http:\/\/www.w3.org\/2000\/svg\" width=\"51\" height=\"51\" viewBox=\"0 0 51 51\" fill=\"none\"><path d=\"M25.5 1C11.969 1 0.999998 11.969 0.999997 25.5C0.999997 39.031 11.969 50 25.5 50C39.031 50 50 39.031 50 25.5C50 11.969 39.031 1 25.5 1Z\" stroke=\"#FE6F61\" stroke-width=\"2\"><\/path><path d=\"M35 19L25.5 37L16 19\" stroke=\"#FE6F61\" stroke-width=\"2\"><\/path><\/svg><\/span><span class=\"jet-toggle__icon icon-active jet-tabs-icon\"><svg xmlns=\"http:\/\/www.w3.org\/2000\/svg\" width=\"51\" height=\"51\" viewBox=\"0 0 51 51\" fill=\"none\"><path d=\"M50 25.5C50 11.969 39.031 0.999998 25.5 0.999997C11.969 0.999997 1 11.969 1 25.5C1 39.031 11.969 50 25.5 50C39.031 50 50 39.031 50 25.5Z\" stroke=\"#FE6F61\" stroke-width=\"2\"><\/path><path d=\"M32 35L14 25.5L32 16\" stroke=\"#FE6F61\" stroke-width=\"2\"><\/path><\/svg><\/span><\/div><div class=\"jet-toggle__label-text\">Andorra, \u00bfun para\u00edso fiscal?<\/div>\t\t\t\t\t\t\t<\/div>\n\t\t\t\t\t\t\t<div id=\"jet-toggle-content-2291\" class=\"jet-toggle__content\" data-toggle=\"1\" role=\"region\" data-template-id=\"false\">\n\t\t\t\t\t\t\t\t<div class=\"jet-toggle__content-inner\"><p><strong>Se ha considerado durante mucho tiempo a Andorra un para\u00edso fiscal poco cooperativo antes que fuera retirado de la lista negra en 2009.<\/strong><\/p>\n<p>Desde entonces, el Principado ha introducido la transparencia fiscal, compartiendo informaci\u00f3n sobre la nomenclatura fiscal y ajust\u00e1ndose a las normas internacionales. <strong>Aunque el pa\u00eds ya no cumple los criterios de la OCDE de para\u00edso fiscal, sigue atrayendo a empresarios e inversores<\/strong> gracias a su bajo tipo impositivo. El impuesto de sociedades est\u00e1 limitado al <strong>10%, el IGI (equivalente al IVA) es del 4,5% y los dividendos est\u00e1n exentos de impuestos.<\/strong> El mercado inmobiliario tambi\u00e9n se beneficia de un r\u00e9gimen fiscal ventajoso.<\/p>\n<p>Aunque la calidad de vida es uno de los principales atractivos de Andorra, algunos siguen consider\u00e1ndola un para\u00edso fiscal, lo cual no es dif\u00edcil teniendo en cuenta el punto de vista de sus pa\u00edses vecinos.<\/p>\n<\/div>\n\t\t\t\t\t\t\t<\/div>\n\t\t\t\t\t\t<\/div><div class=\" jet-accordion__item jet-toggle jet-toggle-move-up-effect \">\n\t\t\t\t\t\t\t<div id=\"jet-toggle-control-2292\" class=\"jet-toggle__control elementor-menu-anchor\" data-toggle=\"2\" role=\"button\" tabindex=\"0\" aria-controls=\"jet-toggle-content-2292\" aria-expanded=\"false\" data-template-id=\"false\">\n\t\t\t\t\t\t\t\t<div class=\"jet-toggle__label-icon jet-toggle-icon-position-right\"><span class=\"jet-toggle__icon icon-normal jet-tabs-icon\"><svg xmlns=\"http:\/\/www.w3.org\/2000\/svg\" width=\"51\" height=\"51\" viewBox=\"0 0 51 51\" fill=\"none\"><path d=\"M25.5 1C11.969 1 0.999998 11.969 0.999997 25.5C0.999997 39.031 11.969 50 25.5 50C39.031 50 50 39.031 50 25.5C50 11.969 39.031 1 25.5 1Z\" stroke=\"#FE6F61\" stroke-width=\"2\"><\/path><path d=\"M35 19L25.5 37L16 19\" stroke=\"#FE6F61\" stroke-width=\"2\"><\/path><\/svg><\/span><span class=\"jet-toggle__icon icon-active jet-tabs-icon\"><svg xmlns=\"http:\/\/www.w3.org\/2000\/svg\" width=\"51\" height=\"51\" viewBox=\"0 0 51 51\" fill=\"none\"><path d=\"M50 25.5C50 11.969 39.031 0.999998 25.5 0.999997C11.969 0.999997 1 11.969 1 25.5C1 39.031 11.969 50 25.5 50C39.031 50 50 39.031 50 25.5Z\" stroke=\"#FE6F61\" stroke-width=\"2\"><\/path><path d=\"M32 35L14 25.5L32 16\" stroke=\"#FE6F61\" stroke-width=\"2\"><\/path><\/svg><\/span><\/div><div class=\"jet-toggle__label-text\">\u00bfSeguridad Social en Andorra?<\/div>\t\t\t\t\t\t\t<\/div>\n\t\t\t\t\t\t\t<div id=\"jet-toggle-content-2292\" class=\"jet-toggle__content\" data-toggle=\"2\" role=\"region\" data-template-id=\"false\">\n\t\t\t\t\t\t\t\t<div class=\"jet-toggle__content-inner\"><p><strong>La Caixa Andorrana de Seguretat Social (CASS) es el organismo centralizado de la Seguridad Social encargado de gestionar el reembolso de los gastos m\u00e9dicos y hospitalarios.<\/strong><\/p>\n<p>La afiliaci\u00f3n a la CASS es obligatoria para todos los residentes y asalariados que ejercen cualquier tipo de actividad en el Principado. La seguridad social y la cobertura sanitaria en Andorra se dividen en 2 ramas: la rama general y la rama de jubilaci\u00f3n para la gesti\u00f3n de las pensiones de jubilaci\u00f3n y viudedad. El importe de las cotizaciones var\u00eda en funci\u00f3n de la situaci\u00f3n profesional y oscila entre el 6,5 % para un trabajador por cuenta ajena y unos 540,00 euros para un trabajador por cuenta propia. <strong>La CASS cubre los gastos sanitarios en un porcentaje que oscila entre el 75% y el 100%.<\/strong> Tambi\u00e9n cubre entre el 90% y el 100% de los gastos de hospitalizaci\u00f3n, accidentes laborales o enfermedades profesionales.<\/p>\n<p>La CASS es un \u00f3rgano importante en el Principado y garantiza a los residentes un seguro de enfermedad basado en acuerdos internacionales con sus socios europeos, lo que permite la <strong>compatibilidad con los hospitales franceses y espa\u00f1oles.<\/strong><\/p>\n<\/div>\n\t\t\t\t\t\t\t<\/div>\n\t\t\t\t\t\t<\/div><div class=\" jet-accordion__item jet-toggle jet-toggle-move-up-effect \">\n\t\t\t\t\t\t\t<div id=\"jet-toggle-control-2293\" class=\"jet-toggle__control elementor-menu-anchor\" data-toggle=\"3\" role=\"button\" tabindex=\"0\" aria-controls=\"jet-toggle-content-2293\" aria-expanded=\"false\" data-template-id=\"false\">\n\t\t\t\t\t\t\t\t<div class=\"jet-toggle__label-icon jet-toggle-icon-position-right\"><span class=\"jet-toggle__icon icon-normal jet-tabs-icon\"><svg xmlns=\"http:\/\/www.w3.org\/2000\/svg\" width=\"51\" height=\"51\" viewBox=\"0 0 51 51\" fill=\"none\"><path d=\"M25.5 1C11.969 1 0.999998 11.969 0.999997 25.5C0.999997 39.031 11.969 50 25.5 50C39.031 50 50 39.031 50 25.5C50 11.969 39.031 1 25.5 1Z\" stroke=\"#FE6F61\" stroke-width=\"2\"><\/path><path d=\"M35 19L25.5 37L16 19\" stroke=\"#FE6F61\" stroke-width=\"2\"><\/path><\/svg><\/span><span class=\"jet-toggle__icon icon-active jet-tabs-icon\"><svg xmlns=\"http:\/\/www.w3.org\/2000\/svg\" width=\"51\" height=\"51\" viewBox=\"0 0 51 51\" fill=\"none\"><path d=\"M50 25.5C50 11.969 39.031 0.999998 25.5 0.999997C11.969 0.999997 1 11.969 1 25.5C1 39.031 11.969 50 25.5 50C39.031 50 50 39.031 50 25.5Z\" stroke=\"#FE6F61\" stroke-width=\"2\"><\/path><path d=\"M32 35L14 25.5L32 16\" stroke=\"#FE6F61\" stroke-width=\"2\"><\/path><\/svg><\/span><\/div><div class=\"jet-toggle__label-text\"> \u00bfPensi\u00f3n de jubilaci\u00f3n en Andorra?<\/div>\t\t\t\t\t\t\t<\/div>\n\t\t\t\t\t\t\t<div id=\"jet-toggle-content-2293\" class=\"jet-toggle__content\" data-toggle=\"3\" role=\"region\" data-template-id=\"false\">\n\t\t\t\t\t\t\t\t<div class=\"jet-toggle__content-inner\"><p><b>Jubilarse en Andorra ofrece muchas ventajas a los pensionistas que buscan tranquilidad y un entorno libre de impuestos.<\/b><\/p>\n<p>Los jubilados extranjeros pueden obtener un permiso de residencia en Andorra mediante una autorizaci\u00f3n de residencia sin \u00e1nimo de lucro. Esta autorizaci\u00f3n permite la residencia fiscal en el pa\u00eds sin tener que cotizar a la Seguridad Social andorrana, pero exige una cobertura sanitaria privada adecuada. <b>Tambi\u00e9n es compatible con la percepci\u00f3n de una pensi\u00f3n de jubilaci\u00f3n en el pa\u00eds de origen.<\/b><\/p>\n<p>Los jubilados pueden beneficiarse de ventajas fiscales, como <b>la exenci\u00f3n del impuesto sobre el patrimonio, del impuesto sobre sucesiones y donaciones y un bajo impuesto sobre la renta.<\/b><\/p>\n<p>La planificaci\u00f3n de la sucesi\u00f3n <b>debe considerarse cuidadosamente en relaci\u00f3n con la estructura del patrimonio, el tipo de bienes que se poseen y la categor\u00eda jur\u00eddica de los ingresos que se percibir\u00e1n.<\/b><\/p>\n<\/div>\n\t\t\t\t\t\t\t<\/div>\n\t\t\t\t\t\t<\/div><div class=\" jet-accordion__item jet-toggle jet-toggle-move-up-effect \">\n\t\t\t\t\t\t\t<div id=\"jet-toggle-control-2294\" class=\"jet-toggle__control elementor-menu-anchor\" data-toggle=\"4\" role=\"button\" tabindex=\"0\" aria-controls=\"jet-toggle-content-2294\" aria-expanded=\"false\" data-template-id=\"false\">\n\t\t\t\t\t\t\t\t<div class=\"jet-toggle__label-icon jet-toggle-icon-position-right\"><span class=\"jet-toggle__icon icon-normal jet-tabs-icon\"><svg xmlns=\"http:\/\/www.w3.org\/2000\/svg\" width=\"51\" height=\"51\" viewBox=\"0 0 51 51\" fill=\"none\"><path d=\"M25.5 1C11.969 1 0.999998 11.969 0.999997 25.5C0.999997 39.031 11.969 50 25.5 50C39.031 50 50 39.031 50 25.5C50 11.969 39.031 1 25.5 1Z\" stroke=\"#FE6F61\" stroke-width=\"2\"><\/path><path d=\"M35 19L25.5 37L16 19\" stroke=\"#FE6F61\" stroke-width=\"2\"><\/path><\/svg><\/span><span class=\"jet-toggle__icon icon-active jet-tabs-icon\"><svg xmlns=\"http:\/\/www.w3.org\/2000\/svg\" width=\"51\" height=\"51\" viewBox=\"0 0 51 51\" fill=\"none\"><path d=\"M50 25.5C50 11.969 39.031 0.999998 25.5 0.999997C11.969 0.999997 1 11.969 1 25.5C1 39.031 11.969 50 25.5 50C39.031 50 50 39.031 50 25.5Z\" stroke=\"#FE6F61\" stroke-width=\"2\"><\/path><path d=\"M32 35L14 25.5L32 16\" stroke=\"#FE6F61\" stroke-width=\"2\"><\/path><\/svg><\/span><\/div><div class=\"jet-toggle__label-text\">\u00bfQu\u00e9 idioma se habla en Andorra?<\/div>\t\t\t\t\t\t\t<\/div>\n\t\t\t\t\t\t\t<div id=\"jet-toggle-content-2294\" class=\"jet-toggle__content\" data-toggle=\"4\" role=\"region\" data-template-id=\"false\">\n\t\t\t\t\t\t\t\t<div class=\"jet-toggle__content-inner\"><p>Gracias a su entorno paisaj\u00edstico, el turismo ha hecho de Andorra un pa\u00eds <b>perfectamente multiling\u00fce <\/b> donde se puede o\u00edr espa\u00f1ol, franc\u00e9s, portugu\u00e9s y catal\u00e1n, <b>la lengua oficial del pa\u00eds.<\/b><\/p>\n<p><i class=\"fas fa-check\"><\/i><b> El castellano y franc\u00e9s se ense\u00f1an desde la escuela primaria hasta el bachillerato y forma parte del plan de estudios oficial del pa\u00eds.<\/b> El franc\u00e9s tambi\u00e9n se habla a buena parte del Principado, sobre todo a la zona fronteriza con Francia. Sus habitantes acostumbran a ser biling\u00fces.<\/p>\n<p><i class=\"fas fa-check\"><\/i> <b>El catal\u00e1n es la lengua oficial de Andorra<\/b> y se utiliza tanto en la pol\u00edtica como en los medios de comunicaci\u00f3n (televisi\u00f3n, prensa y radio). La mayor\u00eda de los andorranos dominan el catal\u00e1n, que se ense\u00f1a en las escuelas del pa\u00eds. Por lo tanto, los ni\u00f1os y ni\u00f1as pueden aprenderlo desde los primeros a\u00f1os de su educaci\u00f3n.<\/p>\n<p><i class=\"fas fa-check\"><\/i> <b>Las ventajas del multiling\u00fcismo en Andorra son la facilidad de comunicaci\u00f3n con distintas nacionalidades <\/b> y la apertura al mundo, gracias a una rica educaci\u00f3n en distintos idiomas.<\/p>\n<\/div>\n\t\t\t\t\t\t\t<\/div>\n\t\t\t\t\t\t<\/div>\t\t\t<\/div>\n\t\t<\/div>\n\t\t\t\t\t\t<\/div>\n\t\t\t\t<\/div>\n\t\t\t\t<\/div>\n\t\t\t\t\t<\/div>\n\t\t\t\t<\/div>\n\t\t<div class=\"elementor-element elementor-element-f2292b4 c-box e-flex e-con-boxed e-con e-parent\" data-id=\"f2292b4\" data-element_type=\"container\" data-e-type=\"container\" data-settings=\"{&quot;background_background&quot;:&quot;classic&quot;,&quot;jet_parallax_layout_list&quot;:[]}\">\n\t\t\t\t\t<div class=\"e-con-inner\">\n\t\t<div class=\"elementor-element elementor-element-7889288 e-con-full e-flex e-con e-child\" data-id=\"7889288\" data-element_type=\"container\" data-e-type=\"container\" data-settings=\"{&quot;jet_parallax_layout_list&quot;:[]}\">\n\t\t\t\t<div class=\"elementor-element elementor-element-a41be65 elementor-widget elementor-widget-heading\" data-id=\"a41be65\" data-element_type=\"widget\" data-e-type=\"widget\" data-widget_type=\"heading.default\">\n\t\t\t\t<div class=\"elementor-widget-container\">\n\t\t\t\t\t<h4 class=\"elementor-heading-title elementor-size-default\">Fidencis Gestoria<\/h4>\t\t\t\t<\/div>\n\t\t\t\t<\/div>\n\t\t\t\t<div class=\"elementor-element elementor-element-d1ed561 elementor-widget elementor-widget-heading\" data-id=\"d1ed561\" data-element_type=\"widget\" data-e-type=\"widget\" data-widget_type=\"heading.default\">\n\t\t\t\t<div class=\"elementor-widget-container\">\n\t\t\t\t\t<h2 class=\"elementor-heading-title elementor-size-default\">\u00bfTienes m\u00e1s preguntas<br>sobre la vida en Andorra?<\/h2>\t\t\t\t<\/div>\n\t\t\t\t<\/div>\n\t\t\t\t<div class=\"elementor-element elementor-element-7f5f941 elementor-widget elementor-widget-text-editor\" data-id=\"7f5f941\" data-element_type=\"widget\" data-e-type=\"widget\" data-widget_type=\"text-editor.default\">\n\t\t\t\t<div class=\"elementor-widget-container\">\n\t\t\t\t\t\t\t\t\t<p><a href=\"tel:+376828265\"><strong>+376 82 82 65<\/strong><\/a><br \/><a href=\"mailto:info@fidencis.com\"><strong>info@fidencis.com<\/strong><\/a><\/p>\n<p>Demanda actual: <strong>Alta<\/strong><br \/>Cupo de entrada: <strong>80.000 \/ 100.000<\/strong><\/p>\n\t\t\t\t\t\t\t\t<\/div>\n\t\t\t\t<\/div>\n\t\t\t\t<\/div>\n\t\t<div class=\"elementor-element elementor-element-70691db e-con-full e-flex e-con e-child\" data-id=\"70691db\" data-element_type=\"container\" data-e-type=\"container\" data-settings=\"{&quot;jet_parallax_layout_list&quot;:[]}\">\n\t\t\t\t<div class=\"elementor-element elementor-element-008ff01 elementor-button-align-start elementor-widget elementor-widget-form\" data-id=\"008ff01\" data-element_type=\"widget\" data-e-type=\"widget\" data-settings=\"{&quot;step_next_label&quot;:&quot;Siguiente&quot;,&quot;step_previous_label&quot;:&quot;Anterior&quot;,&quot;button_width&quot;:&quot;100&quot;,&quot;step_type&quot;:&quot;number_text&quot;,&quot;step_icon_shape&quot;:&quot;circle&quot;}\" data-widget_type=\"form.default\">\n\t\t\t\t<div class=\"elementor-widget-container\">\n\t\t\t\t\t\t\t<form class=\"elementor-form\" method=\"post\" name=\"Fidencis Form\" aria-label=\"Fidencis Form\">\n\t\t\t<input type=\"hidden\" name=\"post_id\" value=\"7549\"\/>\n\t\t\t<input type=\"hidden\" name=\"form_id\" value=\"008ff01\"\/>\n\t\t\t<input type=\"hidden\" name=\"referer_title\" value=\"FAQ - Nodum Corporate\" \/>\n\n\t\t\t\t\t\t\t<input type=\"hidden\" name=\"queried_id\" value=\"7549\"\/>\n\t\t\t\n\t\t\t<div class=\"elementor-form-fields-wrapper elementor-labels-\">\n\t\t\t\t\t\t\t\t<div class=\"elementor-field-type-text elementor-field-group elementor-column elementor-field-group-name elementor-col-100 elementor-field-required\">\n\t\t\t\t\t\t\t\t\t\t\t\t<label for=\"form-field-name\" class=\"elementor-field-label elementor-screen-only\">\n\t\t\t\t\t\t\t\tNombre\t\t\t\t\t\t\t<\/label>\n\t\t\t\t\t\t\t\t\t\t\t\t\t\t<input size=\"1\" type=\"text\" name=\"form_fields[name]\" id=\"form-field-name\" class=\"elementor-field elementor-size-lg  elementor-field-textual\" placeholder=\"Su nombre\" required=\"required\">\n\t\t\t\t\t\t\t\t\t\t\t<\/div>\n\t\t\t\t\t\t\t\t<div class=\"elementor-field-type-email elementor-field-group elementor-column elementor-field-group-email elementor-col-100 elementor-field-required\">\n\t\t\t\t\t\t\t\t\t\t\t\t<label for=\"form-field-email\" class=\"elementor-field-label elementor-screen-only\">\n\t\t\t\t\t\t\t\tCorreo electr\u00f3nico\t\t\t\t\t\t\t<\/label>\n\t\t\t\t\t\t\t\t\t\t\t\t\t\t<input size=\"1\" type=\"email\" name=\"form_fields[email]\" id=\"form-field-email\" class=\"elementor-field elementor-size-lg  elementor-field-textual\" placeholder=\"Direcci\u00f3n de correo electr\u00f3nico\" required=\"required\">\n\t\t\t\t\t\t\t\t\t\t\t<\/div>\n\t\t\t\t\t\t\t\t<div class=\"elementor-field-type-text elementor-field-group elementor-column elementor-field-group-name elementor-col-100 elementor-field-required\">\n\t\t\t\t\t\t\t\t\t\t\t\t<label for=\"form-field-name\" class=\"elementor-field-label elementor-screen-only\">\n\t\t\t\t\t\t\t\tAsunto\t\t\t\t\t\t\t<\/label>\n\t\t\t\t\t\t\t\t\t\t\t\t\t\t<input size=\"1\" type=\"text\" name=\"form_fields[name]\" id=\"form-field-name\" class=\"elementor-field elementor-size-lg  elementor-field-textual\" placeholder=\"Asunto\" required=\"required\">\n\t\t\t\t\t\t\t\t\t\t\t<\/div>\n\t\t\t\t\t\t\t\t<div class=\"elementor-field-type-textarea elementor-field-group elementor-column elementor-field-group-message elementor-col-100 elementor-field-required\">\n\t\t\t\t\t\t\t\t\t\t\t\t<label for=\"form-field-message\" class=\"elementor-field-label elementor-screen-only\">\n\t\t\t\t\t\t\t\tMensaje \t\t\t\t\t\t\t<\/label>\n\t\t\t\t\t\t<textarea class=\"elementor-field-textual elementor-field  elementor-size-lg\" name=\"form_fields[message]\" id=\"form-field-message\" rows=\"4\" placeholder=\"Su mensaje\" required=\"required\"><\/textarea>\t\t\t\t<\/div>\n\t\t\t\t\t\t\t\t<div class=\"elementor-field-type-acceptance elementor-field-group elementor-column elementor-field-group-field_6e13b75 elementor-col-100\">\n\t\t\t\t\t\t\t\t\t\t\t\t<label for=\"form-field-field_6e13b75\" class=\"elementor-field-label elementor-screen-only\">\n\t\t\t\t\t\t\t\tConsentimiento\t\t\t\t\t\t\t<\/label>\n\t\t\t\t\t\t\t\t<div class=\"elementor-field-subgroup\">\n\t\t\t<span class=\"elementor-field-option\">\n\t\t\t\t<input type=\"checkbox\" name=\"form_fields[field_6e13b75]\" id=\"form-field-field_6e13b75\" class=\"elementor-field elementor-size-lg  elementor-acceptance-field\">\n\t\t\t\t<label for=\"form-field-field_6e13b75\"> He le\u00eddo y acepto la Pol\u00edtica de Privacidad de FIDENCIS, S.L<br><br>\n<span>Los datos recogidos a trav\u00e9s del presente formulario ser\u00e1n tratados por FIDENCIS, S.L con la finalidad de gestionar sus consultas como usuario de la web. La base de legitimaci\u00f3n ser\u00e1 su consentimiento, por eso le recomendamos que lea atentamente nuestra Pol\u00edtica de Privacidad completa. Sus datos no ser\u00e1n cedidos a ning\u00fan otro responsable del tratamiento. Los datos que nos facilita ser\u00e1n conservados un m\u00e1ximo de doce meses. Puede ejercitar sus derechos de protecci\u00f3n de datos ante el propio responsable en el info@fidencis.com o dirigi\u00e9ndose a nuestro Delegado de Protecci\u00f3n de Datos: dpo@cplegalconsulting.com<\/span><\/label>\t\t\t<\/span>\n\t\t<\/div>\n\t\t\t\t\t\t<\/div>\n\t\t\t\t\t\t\t\t<div class=\"elementor-field-type-recaptcha_v3 elementor-field-group elementor-column elementor-field-group-field_d2e3836 elementor-col-100 recaptcha_v3-bottomright\">\n\t\t\t\t\t<div class=\"elementor-field\" id=\"form-field-field_d2e3836\"><div class=\"elementor-g-recaptcha\" data-sitekey=\"6Lf8v4UpAAAAAFUkMZdkhTZnf3hUOIFyQ4j3cbrG\" data-type=\"v3\" data-action=\"Form\" data-badge=\"bottomright\" data-size=\"invisible\"><\/div><\/div>\t\t\t\t<\/div>\n\t\t\t\t\t\t\t\t<div class=\"elementor-field-group elementor-column elementor-field-type-submit elementor-col-100 e-form__buttons\">\n\t\t\t\t\t<button class=\"elementor-button elementor-size-sm\" type=\"submit\">\n\t\t\t\t\t\t<span class=\"elementor-button-content-wrapper\">\n\t\t\t\t\t\t\t\t\t\t\t\t\t\t\t\t\t\t\t\t\t\t<span class=\"elementor-button-text\">CONTACTO<\/span>\n\t\t\t\t\t\t\t\t\t\t\t\t\t<\/span>\n\t\t\t\t\t<\/button>\n\t\t\t\t<\/div>\n\t\t\t<\/div>\n\t\t<\/form>\n\t\t\t\t\t\t<\/div>\n\t\t\t\t<\/div>\n\t\t\t\t<\/div>\n\t\t\t\t\t<\/div>\n\t\t\t\t<\/div>\n\t\t<div class=\"elementor-element elementor-element-87e9616 c-box e-flex e-con-boxed e-con e-parent\" data-id=\"87e9616\" data-element_type=\"container\" data-e-type=\"container\" data-settings=\"{&quot;jet_parallax_layout_list&quot;:[]}\">\n\t\t\t\t\t<div class=\"e-con-inner\">\n\t\t<div class=\"elementor-element elementor-element-8923e6d e-con-full e-flex e-con e-child\" data-id=\"8923e6d\" data-element_type=\"container\" data-e-type=\"container\" data-settings=\"{&quot;jet_parallax_layout_list&quot;:[]}\">\n\t\t\t\t<div class=\"elementor-element elementor-element-ba481d6 elementor-widget elementor-widget-heading\" data-id=\"ba481d6\" data-element_type=\"widget\" data-e-type=\"widget\" data-widget_type=\"heading.default\">\n\t\t\t\t<div class=\"elementor-widget-container\">\n\t\t\t\t\t<h2 class=\"elementor-heading-title elementor-size-default\">La mejor forma de predecir<br>el futuro es crearlo.<\/h2>\t\t\t\t<\/div>\n\t\t\t\t<\/div>\n\t\t\t\t<div class=\"elementor-element elementor-element-54fb9ac elementor-widget elementor-widget-heading\" data-id=\"54fb9ac\" data-element_type=\"widget\" data-e-type=\"widget\" data-widget_type=\"heading.default\">\n\t\t\t\t<div class=\"elementor-widget-container\">\n\t\t\t\t\t<h4 class=\"elementor-heading-title elementor-size-default\">Andorra, un peque\u00f1o pa\u00eds con un gran coraz\u00f3n.<\/h4>\t\t\t\t<\/div>\n\t\t\t\t<\/div>\n\t\t\t\t<div class=\"elementor-element elementor-element-d1a1dc7 elementor-widget elementor-widget-text-editor\" data-id=\"d1a1dc7\" data-element_type=\"widget\" data-e-type=\"widget\" data-widget_type=\"text-editor.default\">\n\t\t\t\t<div class=\"elementor-widget-container\">\n\t\t\t\t\t\t\t\t\t<p>Con sus majestuosas monta\u00f1as, sus impresionantes paisajes y su gente amable y acogedora, te sentir\u00e1s como en casa. Nos ocuparemos de todos los tr\u00e1mites administrativos para que puedas disfrutar al m\u00e1ximo de esta experiencia \u00fanica.<\/p>\n\t\t\t\t\t\t\t\t<\/div>\n\t\t\t\t<\/div>\n\t\t<div class=\"elementor-element elementor-element-64b461c e-flex e-con-boxed e-con e-child\" data-id=\"64b461c\" data-element_type=\"container\" data-e-type=\"container\" data-settings=\"{&quot;jet_parallax_layout_list&quot;:[]}\">\n\t\t\t\t\t<div class=\"e-con-inner\">\n\t\t\t\t<div class=\"elementor-element elementor-element-454229e elementor-widget elementor-widget-image\" data-id=\"454229e\" data-element_type=\"widget\" data-e-type=\"widget\" data-widget_type=\"image.default\">\n\t\t\t\t<div class=\"elementor-widget-container\">\n\t\t\t\t\t\t\t\t\t\t\t\t\t\t\t<img fetchpriority=\"high\" decoding=\"async\" width=\"450\" height=\"600\" src=\"https:\/\/nodumcorporate.com\/wp-content\/uploads\/2024\/04\/patricia_2.webp\" class=\"attachment-full size-full wp-image-5164\" alt=\"\" srcset=\"https:\/\/nodumcorporate.com\/wp-content\/uploads\/2024\/04\/patricia_2.webp 450w, https:\/\/nodumcorporate.com\/wp-content\/uploads\/2024\/04\/patricia_2-225x300.webp 225w\" sizes=\"(max-width: 450px) 100vw, 450px\" \/>\t\t\t\t\t\t\t\t\t\t\t\t\t\t\t<\/div>\n\t\t\t\t<\/div>\n\t\t\t\t<div class=\"elementor-element elementor-element-6811849 elementor-widget elementor-widget-heading\" data-id=\"6811849\" data-element_type=\"widget\" data-e-type=\"widget\" data-widget_type=\"heading.default\">\n\t\t\t\t<div class=\"elementor-widget-container\">\n\t\t\t\t\t<h4 class=\"elementor-heading-title elementor-size-default\">Patr\u00edcia Nogal<br><span>Cofundadora<\/span><\/h4>\t\t\t\t<\/div>\n\t\t\t\t<\/div>\n\t\t\t\t\t<\/div>\n\t\t\t\t<\/div>\n\t\t\t\t<\/div>\n\t\t<div class=\"elementor-element elementor-element-d923e9e e-con-full e-flex e-con e-child\" data-id=\"d923e9e\" data-element_type=\"container\" data-e-type=\"container\" data-settings=\"{&quot;jet_parallax_layout_list&quot;:[]}\">\n\t\t\t\t<div class=\"elementor-element elementor-element-736fb38 elementor-widget elementor-widget-image\" data-id=\"736fb38\" data-element_type=\"widget\" data-e-type=\"widget\" data-widget_type=\"image.default\">\n\t\t\t\t<div class=\"elementor-widget-container\">\n\t\t\t\t\t\t\t\t\t\t\t\t\t\t\t<img decoding=\"async\" width=\"854\" height=\"704\" src=\"https:\/\/nodumcorporate.com\/wp-content\/uploads\/2024\/06\/fidencis-carte-sejour.webp\" class=\"attachment-full size-full wp-image-8573\" alt=\"\" srcset=\"https:\/\/nodumcorporate.com\/wp-content\/uploads\/2024\/06\/fidencis-carte-sejour.webp 854w, https:\/\/nodumcorporate.com\/wp-content\/uploads\/2024\/06\/fidencis-carte-sejour-300x247.webp 300w, https:\/\/nodumcorporate.com\/wp-content\/uploads\/2024\/06\/fidencis-carte-sejour-768x633.webp 768w\" sizes=\"(max-width: 854px) 100vw, 854px\" \/>\t\t\t\t\t\t\t\t\t\t\t\t\t\t\t<\/div>\n\t\t\t\t<\/div>\n\t\t\t\t<\/div>\n\t\t\t\t\t<\/div>\n\t\t\t\t<\/div>\n\t\t\t\t<\/div>\n\t\t","protected":false},"excerpt":{"rendered":"<p>Expatriaci\u00f3n en Andorra Preguntas m\u00e1s frecuentes \u00bfHolding en Andorra? En Andorra, los holdings pueden constituirse en forma de sociedad an\u00f3nima o de sociedad de responsabilidad limitada. Se requerir\u00e1 un capital m\u00ednimo de 60.000\u20ac para la creaci\u00f3n de una sociedad an\u00f3nima en Andorra, que deber\u00e1 dividirse en acciones numeradas e inscribirse en el registro mercantil. Para [&hellip;]<\/p>\n","protected":false},"author":2,"featured_media":0,"parent":7514,"menu_order":0,"comment_status":"closed","ping_status":"closed","template":"","meta":{"footnotes":""},"class_list":["post-7549","page","type-page","status-publish","hentry"],"yoast_head":"<!-- This site is optimized with the Yoast SEO plugin v27.4 - https:\/\/yoast.com\/product\/yoast-seo-wordpress\/ -->\n<title>FAQ - Nodum Corporate<\/title>\n<meta name=\"robots\" content=\"index, follow, max-snippet:-1, max-image-preview:large, max-video-preview:-1\" \/>\n<link rel=\"canonical\" href=\"https:\/\/nodumcorporate.com\/es\/fidencis\/residencia-en-andorra\/preguntas-frecuentes\/\" \/>\n<meta property=\"og:locale\" content=\"es_ES\" \/>\n<meta property=\"og:type\" content=\"article\" \/>\n<meta property=\"og:title\" content=\"FAQ - Nodum Corporate\" \/>\n<meta property=\"og:description\" content=\"Expatriaci\u00f3n en Andorra Preguntas m\u00e1s frecuentes \u00bfHolding en Andorra? En Andorra, los holdings pueden constituirse en forma de sociedad an\u00f3nima o de sociedad de responsabilidad limitada. Se requerir\u00e1 un capital m\u00ednimo de 60.000\u20ac para la creaci\u00f3n de una sociedad an\u00f3nima en Andorra, que deber\u00e1 dividirse en acciones numeradas e inscribirse en el registro mercantil. Para [&hellip;]\" \/>\n<meta property=\"og:url\" content=\"https:\/\/nodumcorporate.com\/es\/fidencis\/residencia-en-andorra\/preguntas-frecuentes\/\" \/>\n<meta property=\"og:site_name\" content=\"Nodum Corporate\" \/>\n<meta property=\"article:modified_time\" content=\"2024-08-31T08:34:46+00:00\" \/>\n<meta property=\"og:image\" content=\"https:\/\/nodumcorporate.com\/wp-content\/uploads\/2024\/04\/logo_fidencis_blanco.svg\" \/>\n<meta name=\"twitter:card\" content=\"summary_large_image\" \/>\n<meta name=\"twitter:label1\" content=\"Tiempo de lectura\" \/>\n\t<meta name=\"twitter:data1\" content=\"9 minutos\" \/>\n<script type=\"application\/ld+json\" class=\"yoast-schema-graph\">{\"@context\":\"https:\\\/\\\/schema.org\",\"@graph\":[{\"@type\":\"WebPage\",\"@id\":\"https:\\\/\\\/nodumcorporate.com\\\/es\\\/fidencis\\\/residencia-en-andorra\\\/preguntas-frecuentes\\\/\",\"url\":\"https:\\\/\\\/nodumcorporate.com\\\/es\\\/fidencis\\\/residencia-en-andorra\\\/preguntas-frecuentes\\\/\",\"name\":\"FAQ - Nodum Corporate\",\"isPartOf\":{\"@id\":\"https:\\\/\\\/nodumcorporate.com\\\/es\\\/#website\"},\"primaryImageOfPage\":{\"@id\":\"https:\\\/\\\/nodumcorporate.com\\\/es\\\/fidencis\\\/residencia-en-andorra\\\/preguntas-frecuentes\\\/#primaryimage\"},\"image\":{\"@id\":\"https:\\\/\\\/nodumcorporate.com\\\/es\\\/fidencis\\\/residencia-en-andorra\\\/preguntas-frecuentes\\\/#primaryimage\"},\"thumbnailUrl\":\"https:\\\/\\\/nodumcorporate.com\\\/wp-content\\\/uploads\\\/2024\\\/04\\\/logo_fidencis_blanco.svg\",\"datePublished\":\"2024-05-20T08:52:58+00:00\",\"dateModified\":\"2024-08-31T08:34:46+00:00\",\"breadcrumb\":{\"@id\":\"https:\\\/\\\/nodumcorporate.com\\\/es\\\/fidencis\\\/residencia-en-andorra\\\/preguntas-frecuentes\\\/#breadcrumb\"},\"inLanguage\":\"es\",\"potentialAction\":[{\"@type\":\"ReadAction\",\"target\":[\"https:\\\/\\\/nodumcorporate.com\\\/es\\\/fidencis\\\/residencia-en-andorra\\\/preguntas-frecuentes\\\/\"]}]},{\"@type\":\"ImageObject\",\"inLanguage\":\"es\",\"@id\":\"https:\\\/\\\/nodumcorporate.com\\\/es\\\/fidencis\\\/residencia-en-andorra\\\/preguntas-frecuentes\\\/#primaryimage\",\"url\":\"https:\\\/\\\/nodumcorporate.com\\\/wp-content\\\/uploads\\\/2024\\\/04\\\/logo_fidencis_blanco.svg\",\"contentUrl\":\"https:\\\/\\\/nodumcorporate.com\\\/wp-content\\\/uploads\\\/2024\\\/04\\\/logo_fidencis_blanco.svg\"},{\"@type\":\"BreadcrumbList\",\"@id\":\"https:\\\/\\\/nodumcorporate.com\\\/es\\\/fidencis\\\/residencia-en-andorra\\\/preguntas-frecuentes\\\/#breadcrumb\",\"itemListElement\":[{\"@type\":\"ListItem\",\"position\":1,\"name\":\"Fidencis\",\"item\":\"https:\\\/\\\/nodumcorporate.com\\\/es\\\/fidencis\\\/\"},{\"@type\":\"ListItem\",\"position\":2,\"name\":\"Residencia en Andorra\",\"item\":\"https:\\\/\\\/nodumcorporate.com\\\/es\\\/fidencis\\\/residencia-a-andorra\\\/\"},{\"@type\":\"ListItem\",\"position\":3,\"name\":\"FAQ\"}]},{\"@type\":\"WebSite\",\"@id\":\"https:\\\/\\\/nodumcorporate.com\\\/es\\\/#website\",\"url\":\"https:\\\/\\\/nodumcorporate.com\\\/es\\\/\",\"name\":\"Nodum Corporate\",\"description\":\"\",\"potentialAction\":[{\"@type\":\"SearchAction\",\"target\":{\"@type\":\"EntryPoint\",\"urlTemplate\":\"https:\\\/\\\/nodumcorporate.com\\\/es\\\/?s={search_term_string}\"},\"query-input\":{\"@type\":\"PropertyValueSpecification\",\"valueRequired\":true,\"valueName\":\"search_term_string\"}}],\"inLanguage\":\"es\"}]}<\/script>\n<!-- \/ Yoast SEO plugin. -->","yoast_head_json":{"title":"FAQ - Nodum Corporate","robots":{"index":"index","follow":"follow","max-snippet":"max-snippet:-1","max-image-preview":"max-image-preview:large","max-video-preview":"max-video-preview:-1"},"canonical":"https:\/\/nodumcorporate.com\/es\/fidencis\/residencia-en-andorra\/preguntas-frecuentes\/","og_locale":"es_ES","og_type":"article","og_title":"FAQ - Nodum Corporate","og_description":"Expatriaci\u00f3n en Andorra Preguntas m\u00e1s frecuentes \u00bfHolding en Andorra? En Andorra, los holdings pueden constituirse en forma de sociedad an\u00f3nima o de sociedad de responsabilidad limitada. Se requerir\u00e1 un capital m\u00ednimo de 60.000\u20ac para la creaci\u00f3n de una sociedad an\u00f3nima en Andorra, que deber\u00e1 dividirse en acciones numeradas e inscribirse en el registro mercantil. Para [&hellip;]","og_url":"https:\/\/nodumcorporate.com\/es\/fidencis\/residencia-en-andorra\/preguntas-frecuentes\/","og_site_name":"Nodum Corporate","article_modified_time":"2024-08-31T08:34:46+00:00","og_image":[{"url":"https:\/\/nodumcorporate.com\/wp-content\/uploads\/2024\/04\/logo_fidencis_blanco.svg","type":"","width":"","height":""}],"twitter_card":"summary_large_image","twitter_misc":{"Tiempo de lectura":"9 minutos"},"schema":{"@context":"https:\/\/schema.org","@graph":[{"@type":"WebPage","@id":"https:\/\/nodumcorporate.com\/es\/fidencis\/residencia-en-andorra\/preguntas-frecuentes\/","url":"https:\/\/nodumcorporate.com\/es\/fidencis\/residencia-en-andorra\/preguntas-frecuentes\/","name":"FAQ - Nodum Corporate","isPartOf":{"@id":"https:\/\/nodumcorporate.com\/es\/#website"},"primaryImageOfPage":{"@id":"https:\/\/nodumcorporate.com\/es\/fidencis\/residencia-en-andorra\/preguntas-frecuentes\/#primaryimage"},"image":{"@id":"https:\/\/nodumcorporate.com\/es\/fidencis\/residencia-en-andorra\/preguntas-frecuentes\/#primaryimage"},"thumbnailUrl":"https:\/\/nodumcorporate.com\/wp-content\/uploads\/2024\/04\/logo_fidencis_blanco.svg","datePublished":"2024-05-20T08:52:58+00:00","dateModified":"2024-08-31T08:34:46+00:00","breadcrumb":{"@id":"https:\/\/nodumcorporate.com\/es\/fidencis\/residencia-en-andorra\/preguntas-frecuentes\/#breadcrumb"},"inLanguage":"es","potentialAction":[{"@type":"ReadAction","target":["https:\/\/nodumcorporate.com\/es\/fidencis\/residencia-en-andorra\/preguntas-frecuentes\/"]}]},{"@type":"ImageObject","inLanguage":"es","@id":"https:\/\/nodumcorporate.com\/es\/fidencis\/residencia-en-andorra\/preguntas-frecuentes\/#primaryimage","url":"https:\/\/nodumcorporate.com\/wp-content\/uploads\/2024\/04\/logo_fidencis_blanco.svg","contentUrl":"https:\/\/nodumcorporate.com\/wp-content\/uploads\/2024\/04\/logo_fidencis_blanco.svg"},{"@type":"BreadcrumbList","@id":"https:\/\/nodumcorporate.com\/es\/fidencis\/residencia-en-andorra\/preguntas-frecuentes\/#breadcrumb","itemListElement":[{"@type":"ListItem","position":1,"name":"Fidencis","item":"https:\/\/nodumcorporate.com\/es\/fidencis\/"},{"@type":"ListItem","position":2,"name":"Residencia en Andorra","item":"https:\/\/nodumcorporate.com\/es\/fidencis\/residencia-a-andorra\/"},{"@type":"ListItem","position":3,"name":"FAQ"}]},{"@type":"WebSite","@id":"https:\/\/nodumcorporate.com\/es\/#website","url":"https:\/\/nodumcorporate.com\/es\/","name":"Nodum Corporate","description":"","potentialAction":[{"@type":"SearchAction","target":{"@type":"EntryPoint","urlTemplate":"https:\/\/nodumcorporate.com\/es\/?s={search_term_string}"},"query-input":{"@type":"PropertyValueSpecification","valueRequired":true,"valueName":"search_term_string"}}],"inLanguage":"es"}]}},"_links":{"self":[{"href":"https:\/\/nodumcorporate.com\/es\/wp-json\/wp\/v2\/pages\/7549","targetHints":{"allow":["GET"]}}],"collection":[{"href":"https:\/\/nodumcorporate.com\/es\/wp-json\/wp\/v2\/pages"}],"about":[{"href":"https:\/\/nodumcorporate.com\/es\/wp-json\/wp\/v2\/types\/page"}],"author":[{"embeddable":true,"href":"https:\/\/nodumcorporate.com\/es\/wp-json\/wp\/v2\/users\/2"}],"replies":[{"embeddable":true,"href":"https:\/\/nodumcorporate.com\/es\/wp-json\/wp\/v2\/comments?post=7549"}],"version-history":[{"count":5,"href":"https:\/\/nodumcorporate.com\/es\/wp-json\/wp\/v2\/pages\/7549\/revisions"}],"predecessor-version":[{"id":10529,"href":"https:\/\/nodumcorporate.com\/es\/wp-json\/wp\/v2\/pages\/7549\/revisions\/10529"}],"up":[{"embeddable":true,"href":"https:\/\/nodumcorporate.com\/es\/wp-json\/wp\/v2\/pages\/7514"}],"wp:attachment":[{"href":"https:\/\/nodumcorporate.com\/es\/wp-json\/wp\/v2\/media?parent=7549"}],"curies":[{"name":"wp","href":"https:\/\/api.w.org\/{rel}","templated":true}]}}